{"id":969,"date":"2020-07-28T11:22:19","date_gmt":"2020-07-28T09:22:19","guid":{"rendered":"http:\/\/server10.servermdz.pro\/chu\/?page_id=969"},"modified":"2020-12-15T11:10:36","modified_gmt":"2020-12-15T10:10:36","slug":"comites-techniques","status":"publish","type":"page","link":"https:\/\/chuibnrochd.ma\/?page_id=969","title":{"rendered":"Comit\u00e9s techniques"},"content":{"rendered":"<div id=\"TheTexte\" class=\"Texte\" lang=\"zxx\">\n<p><strong style=\"color: #0000ff;\"><span style=\"font-size: 28px;\"><span style=\"color: #3366ff;\">COMITE D\u2019ACCUEIL ET DE COMMUNICATION (COMACOM)<\/span><\/span><\/strong><\/p>\n<p>&nbsp;<\/p>\n<\/div>\n<p><span style=\"font-size: 24px; color: #ff6600;\"><strong>\u00a0 \u00a0 \u00a0 \u00a0 \u00a0 \u00a0 MISSION PRINCIPALE DU COMACOM\u00a0:<\/strong><\/span><\/p>\n<div id=\"TheTexte\" class=\"Texte\" lang=\"zxx\">\n<p>&nbsp;<\/p>\n<p>Le comit\u00e9 a pour vocation\u00a0d\u2019apporter un appui \u00e0 la politique de communication interne et externe du CHUIR.<\/p>\n<p>&nbsp;<\/p>\n<p><span style=\"font-size: 24px; color: #ff6600;\"><strong>\u00a0 \u00a0 \u00a0 \u00a0 \u00a0 \u00a0 OBJECTIFS :<\/strong><\/span><\/p>\n<p>&nbsp;<\/p>\n<\/div>\n<div id=\"TheTexte\" class=\"Texte\" lang=\"zxx\">\n<ul>\n<li>Contribuer au d\u00e9veloppement de la communication externe en vue d\u2019am\u00e9liorer l\u2019image de marque du CHUIR, et de renforcer l\u2019attractivit\u00e9 et la notori\u00e9t\u00e9 du CHUIR\u00a0;<\/li>\n<li>Apporter un appui \u00e0 la communication interne pour permettre le d\u00e9cloisonnement et la cr\u00e9ation de passerelles entre les \u00e9tablissements et entre les professionnels du CHUIR.<\/li>\n<\/ul>\n<p>&nbsp;<\/p>\n<p><span style=\"font-size: 24px; color: #ff6600;\"><strong>\u00a0 \u00a0 \u00a0 \u00a0 \u00a0 \u00a0 MISSIONS COMPLEMENTAIRES :<\/strong><\/span><\/p>\n<p>&nbsp;<\/p>\n<ul>\n<li>Participer \u00e0 l\u2019am\u00e9lioration des conditions d\u2019accueil (humaniser et mettre \u00e0 niveau les espaces d\u2019accueil)\u00a0;<\/li>\n<li>Participer \u00e0 la formation et la sensibilisation du personnel d\u2019accueil\u00a0;<\/li>\n<li>Contribuer \u00e0 la promotion de l\u2019ouverture du CHUIR sur son environnement\u00a0;<\/li>\n<li>Participer \u00e0 la diffusion des informations actualis\u00e9es permettant au grand public de conna\u00eetre le CHUIR et d\u2019acc\u00e9der \u00e0 son offre de soins ;<\/li>\n<li>Participer \u00e0 la conception et \u00e0 la mise en forme des supports de communication institutionnelle\u00a0;<\/li>\n<li>Veiller sur l\u2019harmonisation de la pr\u00e9sentation des documents institutionnels et sur leur mise \u00e0 jour\u00a0;<\/li>\n<li>Contribuer \u00e0 la r\u00e9alisation des supports de communication attractifs, adapt\u00e9s et facilement utilisables par l\u2019ensemble des cibles ;<\/li>\n<li>Mettre en \u00e9vidence et valoriser la compl\u00e9mentarit\u00e9 des comp\u00e9tences\u00a0;<\/li>\n<li>Veiller sur la communication sur les prouesses et les exploits du CHUIR\u00a0;<\/li>\n<li>Reconna\u00eetre les sp\u00e9cificit\u00e9s et les performances\u00a0du CHUIR ;<\/li>\n<li>D\u00e9velopper l&#8217;esprit d&#8217;initiative, mobiliser les volont\u00e9s de progr\u00e8s\u00a0;<\/li>\n<li>Participer \u00e0 la refonte, l\u2019alimentation et l\u2019am\u00e9lioration du site Internet de l\u2019\u00e9tablissement ;<\/li>\n<\/ul>\n<\/div>\n<ul>\n<li>Contribuer \u00e0 l\u2019\u00e9laboration et \u00e0 la r\u00e9gularit\u00e9 de la publication de la revue du CHUIR\u00a0;<\/li>\n<li>Coop\u00e9rer avec les int\u00e9ress\u00e9s pour la pr\u00e9paration et l\u2019organisation des diff\u00e9rentes manifestations.\n<p>&nbsp;<\/p>\n<p><span style=\"color: #0000ff;\"><strong> \u00a0 \u00a0 \u00a0 \u00a0 \u00a0<span style=\"font-size: 28px;\"> COMITE DES MEDICAMENTS ET DES DISPOSITIFS MEDICAUX DU CHUIR<\/span><\/strong><\/span><\/p>\n<p>&nbsp;<\/p>\n<p>Depuis sa cr\u00e9ation en novembre 2013, le comit\u00e9 des m\u00e9dicaments et des dispositifs m\u00e9dicaux abr\u00e9g\u00e9 sous le nom \u00ab COMEDIM \u00bb\u00a0participe activement \u00e0 la d\u00e9finition de la politique du m\u00e9dicament et des dispositifs m\u00e9dicaux st\u00e9riles au sein du CHU Ibn Rochd de Casablanca. Ce comit\u00e9 se r\u00e9unit au minimum deux fois par mois pour r\u00e9pondre essentiellement aux objectifs suivant\u00a0: 1-promouvoir une pharmacoth\u00e9rapie efficace, s\u00fbre et \u00e9conomique par une utilisation rationnelle et ad\u00e9quate des m\u00e9dicaments 2-Garantir l\u2019acc\u00e8s des patients \u00e0 l\u2019innovation th\u00e9rapeutique 3-Assurer un suivi rigoureux de la s\u00e9curit\u00e9 d\u2019utilisation des dispositifs m\u00e9dicaux st\u00e9rile.<\/p>\n<p>Afin de communiquer les travaux du COMEDIM aux professionnels de la sant\u00e9 du CHU, le COMEDIM a mis en place plusieurs canaux de communication. D\u2019abord, l\u2019\u00e9dition d\u2019un bulletin d\u2019information sous format \u00e9lectronique de cadence trimestrielle. A travers ce bulletin d\u2019information, le COMEDIM publie des informations d\u2019actualit\u00e9 relatives \u00e0\u00a0: la prescription rationnelle des m\u00e9dicaments, les informations utiles et efficaces relevant du domaine des dispositifs m\u00e9dicaux, les alertes nationales et\/ou internationales de pharmaco\/mat\u00e9riovigilance, les site-web importants, et les prochains \u00e9v\u00e8nements scientifiques. Ensuite, le COMEDIM a d\u00e9cid\u00e9 d\u2019organiser annuellement des manifestations scientifiques en rapport avec soit les m\u00e9dicaments soit les dispositifs m\u00e9dicaux. A cet effet, le COMEDIM a organis\u00e9 en septembre 2015 une premi\u00e8re demi-journ\u00e9e sur \u00ab\u00a0le bon usage des antibiotiques\u00a0\u00bb, et ce en collaboration avec le Comit\u00e9 de Lutte Contre les Infections Nosocomiales \u00ab\u00a0CLIN\u00a0\u00bb. Une deuxi\u00e8me demi-journ\u00e9e, programm\u00e9e pour le 06 octobre 2016, est en cours de pr\u00e9paration. Elle aurait comme th\u00e8me principal \u00ab\u00a0les actualit\u00e9s et l\u2019\u00e9tat des lieux des fils chirurgicaux du CHU Ibn Rochd de Casablanca\u00a0\u00bb. Enfin, gr\u00e2ce \u00e0 la publication des deux num\u00e9ros du bulletin d\u2019information en ligne sur le site Web du CHU Ibn Rochd de Casablanca, une visibilit\u00e9 nationale voire m\u00eame internationale aura lieu ce qui va certainement renforcer davantage les activit\u00e9s du COMEDIM.<\/p>\n<\/li>\n<\/ul>\n<p><em style=\"color: #ff6600;\"><span style=\"font-size: 20px;\"><strong>\u00a0 \u00a0 \u00a0 <\/strong><\/span><\/em><\/p>\n<p><span style=\"font-size: 24px; color: #ff6600;\"><strong>\u00a0 \u00a0 \u00a0 \u00a0 \u00a0 \u00a0 OBJECTIFS :<\/strong><\/span><\/p>\n<p>&nbsp;<\/p>\n<p>Participer \u00e0 la d\u00e9finition de la politique du m\u00e9dicament et du dispositif m\u00e9dical\u00a0 (DM) \u00e0 l\u2019int\u00e9rieur du CHU Ibn Rochd.<\/p>\n<p>&nbsp;<\/p>\n<p><span style=\"font-size: 24px; color: #ff6600;\"><strong>\u00a0 \u00a0 \u00a0 \u00a0 \u00a0 \u00a0 MISSIONS PRINCIPALES :<\/strong><\/span><\/p>\n<p>&nbsp;<\/p>\n<ul>\n<li>D\u00e9finir, en concertation avec les professionnels de sant\u00e9, les priorit\u00e9s th\u00e9rapeutiques pour \u00e9laborer une politique coh\u00e9rente du m\u00e9dicament\u00a0et du DM;<\/li>\n<li>Prendre part active \u00e0 l\u2019\u00e9laboration de la liste des m\u00e9dicaments et des DM dont l\u2019utilisation est recommand\u00e9e dans l\u2019\u00e9tablissement;<\/li>\n<li>S\u2019associer \u00e0 l\u2019\u00e9laboration des recommandations en mati\u00e8re de prescription et de bon usage des m\u00e9dicaments et des DM;<\/li>\n<\/ul>\n<p>&nbsp;<\/p>\n<p><span style=\"font-size: 24px; color: #ff6600;\"><strong>\u00a0 \u00a0 \u00a0 \u00a0 \u00a0 \u00a0 MISSIONS COMPLEMENTAIRES :<\/strong><\/span><\/p>\n<p>&nbsp;<\/p>\n<ul>\n<li>Participer \u00e0 la mise en place d\u2019un syst\u00e8me d\u2019assurance qualit\u00e9 du circuit du m\u00e9dicament et du DM\u00a0et proposer une proc\u00e9dure de tra\u00e7abilit\u00e9 ;<\/li>\n<li>Recueillir, et proposer pour adoption le cas \u00e9ch\u00e9ant, les protocoles th\u00e9rapeutiques suivis au sein de l\u2019\u00e9tablissement\u00a0;<\/li>\n<li>Participer \u00e0 la mise en place des enqu\u00eates d\u2019utilisation et un suivi de la consommation du m\u00e9dicament et du DM\u00a0;<\/li>\n<li>Proposer une proc\u00e9dure de pr\u00e9visions, donner son avis sur l\u2019opportunit\u00e9 d\u2019achats et participer \u00e0 l\u2019optimisation des d\u00e9penses en m\u00e9dicaments et en DM\u00a0;<\/li>\n<li>Proposer une proc\u00e9dure de fonctionnement de la commission de conformit\u00e9 des DM.<\/li>\n<\/ul>\n<p><span style=\"color: #0000ff;\"><strong>\u00a0 \u00a0 \u00a0 \u00a0 \u00a0<span style=\"font-size: 28px;\"> <strong style=\"color: #0000ff;\"><span style=\"color: #3366ff;\">CONSEIL DE VIGILANCE SANITAIRE<\/span><\/strong><\/span><\/strong><\/span><\/p>\n<p>&nbsp;<\/p>\n<p><span style=\"font-size: 24px; color: #ff6600;\"><strong>\u00a0 \u00a0 \u00a0 \u00a0 \u00a0 \u00a0 OBJECTIFS :<\/strong><\/span><\/p>\n<p>&nbsp;<\/p>\n<p>La gestion globale et coordonn\u00e9e de la veille sanitaire, des risques associ\u00e9s aux soins et de la lutte contre les \u00e9v\u00e9nements ind\u00e9sirables.<\/p>\n<p>&nbsp;<\/p>\n<p><span style=\"font-size: 24px; color: #ff6600;\"><strong>\u00a0 \u00a0 \u00a0 \u00a0 \u00a0 \u00a0 MISSIONS PRINCIPALES :<\/strong><\/span><\/p>\n<p>&nbsp;<\/p>\n<ul>\n<li>Coordonner les diff\u00e9rentes vigilances pr\u00e9sentes au sein des \u00e9tablissements du CHUIR\u00a0;<\/li>\n<li>Proposer les mesures de pr\u00e9vention et de gestion des risques associ\u00e9s aux soins ;\u00a0<\/li>\n<li>Conduire les actions de formation, de communication et de sensibilisation autour de la pr\u00e9vention des risques et de la gestion des \u00e9v\u00e9nements ind\u00e9sirables aupr\u00e8s des professionnels.<\/li>\n<\/ul>\n<p>&nbsp;<\/p>\n<p><span style=\"font-size: 18px;\"><strong>NB\u00a0: Domaines de vigilance sanitaire non couverts par l\u2019organisation ci-dessus\u00a0:<\/strong><\/span><\/p>\n<p>&nbsp;<\/p>\n<ul>\n<li><strong>Cosm\u00e9tovigilance\u00a0<\/strong>pour les produits cosm\u00e9tiques (produits d\u2019hygi\u00e8ne, \u2026);<\/li>\n<li><strong>Identitovigilance\u00a0<\/strong>pour pr\u00e9venir les erreurs et risques li\u00e9s \u00e0 l\u2019identification des patients;\u00a0<\/li>\n<li><strong>Infectiovigilance\u00a0<\/strong>pour surveiller et pr\u00e9venir les infections associ\u00e9es aux soins;<\/li>\n<li><strong>Nutrivigilance\u00a0<\/strong>pour surveiller les effets ind\u00e9sirables de certaines denr\u00e9es alimentaires;<\/li>\n<li><strong>R\u00e9actovigilance\u00a0<\/strong>pour les r\u00e9actifs et dispositifs qui seront utilis\u00e9s dans les laboratoires pour r\u00e9aliser les examens biologiques.<\/li>\n<\/ul>\n<p>&nbsp;<\/p>\n","protected":false},"excerpt":{"rendered":"<p>COMITE D\u2019ACCUEIL ET DE COMMUNICATION (COMACOM) &nbsp; \u00a0 \u00a0 \u00a0 \u00a0 \u00a0 \u00a0 MISSION PRINCIPALE DU COMACOM\u00a0: &nbsp; Le comit\u00e9 a pour vocation\u00a0d\u2019apporter un appui \u00e0 la politique de communication interne et externe du CHUIR. &nbsp; \u00a0 \u00a0 \u00a0 \u00a0 \u00a0 \u00a0 OBJECTIFS : &nbsp; Contribuer au d\u00e9veloppement de la communication externe en vue d\u2019am\u00e9liorer [&hellip;]<\/p>\n","protected":false},"author":1,"featured_media":0,"parent":0,"menu_order":0,"comment_status":"closed","ping_status":"closed","template":"standard-presentation.php","meta":{"footnotes":""},"class_list":["post-969","page","type-page","status-publish","hentry"],"new_scheduled_revision":"","save_as_revision":"","_links":{"self":[{"href":"https:\/\/chuibnrochd.ma\/index.php?rest_route=\/wp\/v2\/pages\/969","targetHints":{"allow":["GET"]}}],"collection":[{"href":"https:\/\/chuibnrochd.ma\/index.php?rest_route=\/wp\/v2\/pages"}],"about":[{"href":"https:\/\/chuibnrochd.ma\/index.php?rest_route=\/wp\/v2\/types\/page"}],"author":[{"embeddable":true,"href":"https:\/\/chuibnrochd.ma\/index.php?rest_route=\/wp\/v2\/users\/1"}],"replies":[{"embeddable":true,"href":"https:\/\/chuibnrochd.ma\/index.php?rest_route=%2Fwp%2Fv2%2Fcomments&post=969"}],"version-history":[{"count":19,"href":"https:\/\/chuibnrochd.ma\/index.php?rest_route=\/wp\/v2\/pages\/969\/revisions"}],"predecessor-version":[{"id":2064,"href":"https:\/\/chuibnrochd.ma\/index.php?rest_route=\/wp\/v2\/pages\/969\/revisions\/2064"}],"wp:attachment":[{"href":"https:\/\/chuibnrochd.ma\/index.php?rest_route=%2Fwp%2Fv2%2Fmedia&parent=969"}],"curies":[{"name":"wp","href":"https:\/\/api.w.org\/{rel}","templated":true}]}}